{"id":12121,"date":"2022-01-27T20:34:48","date_gmt":"2022-01-27T23:34:48","guid":{"rendered":"http:\/\/ruyeassociados.com.br\/?post_type=work&#038;p=12121"},"modified":"2022-02-08T23:39:55","modified_gmt":"2022-02-09T02:39:55","slug":"auxilio-reclusao","status":"publish","type":"work","link":"https:\/\/ruyeassociados.com.br\/?work=auxilio-reclusao","title":{"rendered":"AUX\u00cdLIO RECLUS\u00c3O"},"content":{"rendered":"\t\t<div data-elementor-type=\"wp-post\" data-elementor-id=\"12121\" class=\"elementor elementor-12121\">\n\t\t\t\t\t\t\t\t\t<section class=\"elementor-section elementor-top-section elementor-element elementor-element-70f4e48 elementor-section-boxed elementor-section-height-default elementor-section-height-default\" data-id=\"70f4e48\" data-element_type=\"section\">\n\t\t\t\t\t\t<div class=\"elementor-container elementor-column-gap-default\">\n\t\t\t\t\t<div class=\"elementor-column elementor-col-100 elementor-top-column elementor-element elementor-element-3b774f9\" data-id=\"3b774f9\" data-element_type=\"column\">\n\t\t\t<div class=\"elementor-widget-wrap elementor-element-populated\">\n\t\t\t\t\t\t\t\t<div class=\"elementor-element elementor-element-71ebb80 elementor-invisible elementor-widget elementor-widget-text-editor\" data-id=\"71ebb80\" data-element_type=\"widget\" data-settings=\"{&quot;_animation&quot;:&quot;fadeIn&quot;}\" data-widget_type=\"text-editor.default\">\n\t\t\t\t<div class=\"elementor-widget-container\">\n\t\t\t<style>\/*! elementor - v3.7.7 - 20-09-2022 *\/\n.elementor-widget-text-editor.elementor-drop-cap-view-stacked .elementor-drop-cap{background-color:#818a91;color:#fff}.elementor-widget-text-editor.elementor-drop-cap-view-framed .elementor-drop-cap{color:#818a91;border:3px solid;background-color:transparent}.elementor-widget-text-editor:not(.elementor-drop-cap-view-default) .elementor-drop-cap{margin-top:8px}.elementor-widget-text-editor:not(.elementor-drop-cap-view-default) .elementor-drop-cap-letter{width:1em;height:1em}.elementor-widget-text-editor .elementor-drop-cap{float:left;text-align:center;line-height:1;font-size:50px}.elementor-widget-text-editor .elementor-drop-cap-letter{display:inline-block}<\/style>\t\t\t\t<p dir=\"ltr\" style=\"line-height: 1.295; text-align: justify; margin-top: 0pt; margin-bottom: 8pt;\"><span style=\"font-family: Arial; color: #000000; background-color: transparent; font-weight: 400; font-style: normal; font-variant: normal; text-decoration: none; vertical-align: baseline; white-space: pre-wrap;\">Trata-se de benef\u00edcio previdenci\u00e1rio concedido aos dependentes do segurado que falecer, aposentado ou n\u00e3o e, que tem como objetivo substituir a remunera\u00e7\u00e3o que o segurado falecido recebida em vida.\u00a0<\/span><\/p><p dir=\"ltr\" style=\"line-height: 1.295; text-align: justify; margin-top: 0pt; margin-bottom: 8pt;\"><span style=\"font-family: Arial; color: #000000; background-color: transparent; font-weight: 400; font-style: normal; font-variant: normal; text-decoration: none; vertical-align: baseline; white-space: pre-wrap;\">Os dependentes do segurado falecido est\u00e3o classificados em classes excludentes, quais sejam:\u00a0<\/span><\/p><p dir=\"ltr\" style=\"line-height: 1.295; text-align: justify; margin-top: 0pt; margin-bottom: 8pt; padding-left: 40px;\"><span style=\"font-family: Arial; color: #000000; background-color: transparent; font-weight: 400; font-style: normal; font-variant: normal; text-decoration: none; vertical-align: baseline; white-space: pre-wrap;\">1\u00aa) o c\u00f4njuge, a companheira, o companheiro e o filho n\u00e3o emancipado, de qualquer condi\u00e7\u00e3o, menor de 21 (vinte e um) anos ou inv\u00e1lido ou que tenha defici\u00eancia intelectual ou mental ou defici\u00eancia grave;<\/span><\/p><p dir=\"ltr\" style=\"line-height: 1.295; text-align: justify; margin-top: 0pt; margin-bottom: 8pt; padding-left: 40px;\"><span style=\"font-family: Arial; color: #000000; background-color: transparent; font-weight: 400; font-style: normal; font-variant: normal; text-decoration: none; vertical-align: baseline; white-space: pre-wrap;\">2\u00aa) os pais; e<\/span><\/p><p dir=\"ltr\" style=\"line-height: 1.295; text-align: justify; margin-top: 0pt; margin-bottom: 8pt; padding-left: 40px;\"><span style=\"font-family: Arial; color: #000000; background-color: transparent; font-weight: 400; font-style: normal; font-variant: normal; text-decoration: none; vertical-align: baseline; white-space: pre-wrap;\">3\u00aa) o irm\u00e3o n\u00e3o emancipado, de qualquer condi\u00e7\u00e3o, menor de 21 (vinte e um) anos ou inv\u00e1lido ou que tenha defici\u00eancia intelectual ou mental ou defici\u00eancia grave.<\/span><\/p><p dir=\"ltr\" style=\"line-height: 1.295; text-align: justify; margin-top: 0pt; margin-bottom: 8pt;\"><span style=\"font-family: Arial; color: #000000; background-color: transparent; font-weight: 400; font-style: normal; font-variant: normal; text-decoration: none; vertical-align: baseline; white-space: pre-wrap;\">A depend\u00eancia econ\u00f4mica dos dependentes elencados na primeira classe \u00e9 presumida, enquanto que nas demais deve ser comprovada.\u00a0<\/span><\/p><p dir=\"ltr\" style=\"line-height: 1.295; text-align: justify; margin-top: 0pt; margin-bottom: 8pt;\"><span style=\"font-family: Arial; color: #000000; background-color: transparent; font-weight: 400; font-style: normal; font-variant: normal; text-decoration: none; vertical-align: baseline; white-space: pre-wrap;\">O enteado e o menor tutelado equiparam-se a filho mediante declara\u00e7\u00e3o do segurado e desde que comprovada a depend\u00eancia econ\u00f4mica e, a pens\u00e3o por morte poder\u00e1 ser concedida provisoriamente em caso de morte presumida do segurado, assim declarada pela autoridade judicial competente depois de 6 (seis) meses de aus\u00eancia.<\/span><\/p><p dir=\"ltr\" style=\"line-height: 1.295; text-align: justify; margin-top: 0pt; margin-bottom: 8pt;\"><span style=\"font-family: Arial; color: #000000; background-color: transparent; font-weight: 400; font-style: normal; font-variant: normal; text-decoration: none; vertical-align: baseline; white-space: pre-wrap;\">Portanto, s\u00e3o apenas tr\u00eas os requisitos necess\u00e1rios para o recebimento do benef\u00edcio de pens\u00e3o por morte, vejamos: 1\u00b0) o \u00f3bito ou a morte presumida do segurado; 2\u00b0) a qualidade segurado do falecido, quando do \u00f3bito; 3\u00b0) a exist\u00eancia de dependentes que possam ser habilitados como benefici\u00e1rios perante o INSS.<\/span><\/p><p dir=\"ltr\" style=\"line-height: 1.295; text-align: justify; margin-top: 0pt; margin-bottom: 8pt;\"><span style=\"font-family: Arial; color: #000000; background-color: transparent; font-weight: 400; font-style: normal; font-variant: normal; text-decoration: none; vertical-align: baseline; white-space: pre-wrap;\">Curiosidade: se o falecido perdeu a qualidade de segurado na data do \u00f3bito, a pens\u00e3o por morte n\u00e3o ser\u00e1 automaticamente negada, desde que, conforme o disposto na s\u00famula 416 do Superior Tribunal de Justi\u00e7a (STJ), o falecido tenha preenchido os requisitos dispostos em lei para receber a aposentadoria at\u00e9 a data do falecimento.<\/span><\/p><p dir=\"ltr\" style=\"line-height: 1.295; text-align: justify; margin-top: 0pt; margin-bottom: 8pt;\"><span style=\"font-family: Arial; color: #000000; background-color: transparent; font-weight: 400; font-style: normal; font-variant: normal; text-decoration: none; vertical-align: baseline; white-space: pre-wrap;\">Os dependentes devem estar atentos no que tange \u00e0 data de in\u00edcio do benef\u00edcio, notemos: <\/span><\/p><p dir=\"ltr\" style=\"line-height: 1.295; text-indent: 0pt; text-align: justify; margin-top: 0pt; margin-bottom: 8pt; padding-left: 40px;\"><span style=\"font-family: Arial; color: #000000; background-color: transparent; font-weight: bold; font-style: normal; font-variant: normal; text-decoration: none; vertical-align: baseline; white-space: pre-wrap;\">1\u00aa situa\u00e7\u00e3o:<\/span><span style=\"font-family: Arial; color: #000000; background-color: transparent; font-weight: 400; font-style: normal; font-variant: normal; text-decoration: none; vertical-align: baseline; white-space: pre-wrap;\"> a pens\u00e3o por morte ter\u00e1 in\u00edcio a partir da data do \u00f3bito, quando solicitada at\u00e9 90 (dias) ap\u00f3s o falecimento; <\/span><\/p><p dir=\"ltr\" style=\"line-height: 1.295; text-indent: 0pt; text-align: justify; margin-top: 0pt; margin-bottom: 8pt; padding-left: 40px;\"><span style=\"font-family: Arial; color: #000000; background-color: transparent; font-weight: bold; font-style: normal; font-variant: normal; text-decoration: none; vertical-align: baseline; white-space: pre-wrap;\">2\u00aa situa\u00e7\u00e3o:<\/span><span style=\"font-family: Arial; color: #000000; background-color: transparent; font-weight: 400; font-style: normal; font-variant: normal; text-decoration: none; vertical-align: baseline; white-space: pre-wrap;\"> a pens\u00e3o por morte ter\u00e1 in\u00edcio a partir do requerimento administrativo realizado perante o INSS, quando solicitado ap\u00f3s o prazo de 90 (noventa) dias, contados da data do \u00f3bito; <\/span><\/p><p dir=\"ltr\" style=\"line-height: 1.295; text-indent: 0pt; text-align: justify; margin-top: 0pt; margin-bottom: 8pt; padding-left: 40px;\"><span style=\"font-family: Arial; color: #000000; background-color: transparent; font-weight: bold; font-style: normal; font-variant: normal; text-decoration: none; vertical-align: baseline; white-space: pre-wrap;\">3\u00aa situa\u00e7\u00e3o:<\/span><span style=\"font-family: Arial; color: #000000; background-color: transparent; font-weight: 400; font-style: normal; font-variant: normal; text-decoration: none; vertical-align: baseline; white-space: pre-wrap;\"> a pens\u00e3o por morte ter\u00e1 in\u00edcio a partir da decis\u00e3o judicial, no caso de morte presumida; <\/span><\/p><p dir=\"ltr\" style=\"line-height: 1.295; text-indent: 0pt; text-align: justify; margin-top: 0pt; margin-bottom: 8pt; padding-left: 40px;\"><span style=\"font-family: Arial; color: #000000; background-color: transparent; font-weight: bold; font-style: normal; font-variant: normal; text-decoration: none; vertical-align: baseline; white-space: pre-wrap;\">4\u00aa situa\u00e7\u00e3o:<\/span><span style=\"font-family: Arial; color: #000000; background-color: transparent; font-weight: 400; font-style: normal; font-variant: normal; text-decoration: none; vertical-align: baseline; white-space: pre-wrap;\"> a pens\u00e3o por morte ter\u00e1 in\u00edcio a partir da ocorr\u00eancia, no caso de cat\u00e1strofe, acidente ou desastre;<\/span><\/p><p dir=\"ltr\" style=\"line-height: 1.295; text-indent: 0pt; text-align: justify; margin-top: 0pt; margin-bottom: 8pt; padding-left: 40px;\"><span style=\"font-family: Arial; color: #000000; background-color: transparent; font-weight: bold; font-style: normal; font-variant: normal; text-decoration: none; vertical-align: baseline; white-space: pre-wrap;\">5\u00aa situa\u00e7\u00e3o:<\/span><span style=\"font-family: Arial; color: #000000; background-color: transparent; font-weight: 400; font-style: normal; font-variant: normal; text-decoration: none; vertical-align: baseline; white-space: pre-wrap;\"> a pens\u00e3o por morte ter\u00e1 in\u00edcio a partir do \u00f3bito se o filho(a) menor de 16 (dezesseis) anos realizar o requerimento administrativo em at\u00e9 180 (cento e oitenta) dias.\u00a0<\/span><\/p><p dir=\"ltr\" style=\"line-height: 1.295; text-align: justify; margin-top: 0pt; margin-bottom: 8pt;\"><span style=\"font-family: Arial; color: #000000; background-color: transparent; font-weight: 400; font-style: normal; font-variant: normal; text-decoration: none; vertical-align: baseline; white-space: pre-wrap;\">O c\u00e1lculo da pens\u00e3o por morte\u00a0 para \u00f3bitos ocorridos ap\u00f3s a Reforma da Previd\u00eancia corresponde \u00e0 regra dos 50% da aposentadoria + cota de 10% (dez por cento) por dependente que foi prevista na Lei 13.135\/2015 e, se o falecido n\u00e3o tenha se aposentado em vida, o c\u00e1lculo da pens\u00e3o por morte \u00e9 realizado com base no valor da aposentadoria por incapacidade permanente (aposentadoria por invalidez) a que o falecido tinha direito.\u00a0<\/span><\/p><p dir=\"ltr\" style=\"line-height: 1.295; text-align: justify; margin-top: 0pt; margin-bottom: 8pt;\"><span style=\"font-family: Arial; color: #000000; background-color: transparent; font-weight: 400; font-style: normal; font-variant: normal; text-decoration: none; vertical-align: baseline; white-space: pre-wrap;\">Mas, se o dependente for inv\u00e1lido ou apresentar defici\u00eancia intelectual, mental ou grave, o valor da pens\u00e3o por morte corresponder\u00e1 a 100% (cem por cento) da aposentadoria recebida pelo segurado falecido ou \u00e0quela que teria direito se fosse aposentadoria por incapacidade permanente na data do \u00f3bito.\u00a0<\/span><\/p><p dir=\"ltr\" style=\"line-height: 1.295; text-align: justify; margin-top: 0pt; margin-bottom: 8pt;\"><span style=\"font-family: Arial; color: #000000; background-color: transparent; font-weight: 400; font-style: normal; font-variant: normal; text-decoration: none; vertical-align: baseline; white-space: pre-wrap;\">Observa\u00e7\u00e3o importante: se o \u00f3bito ocorreu antes da reforma da previd\u00eancia, a renda mensal inicial da pens\u00e3o por morte corresponde a 100% (cem por cento) do valor da aposentadoria que o segurado recebia ou daquela a que teria direito se estivesse aposentado por invalidez na data de seu falecimento.<\/span><\/p><p dir=\"ltr\" style=\"line-height: 1.295; text-align: justify; margin-top: 0pt; margin-bottom: 8pt;\"><span style=\"font-family: Arial; color: #000000; background-color: transparent; font-weight: 400; font-style: normal; font-variant: normal; text-decoration: none; vertical-align: baseline; white-space: pre-wrap;\">Igualmente, h\u00e1 a pens\u00e3o por morte rural, a qual \u00e9 destinada aos dependentes de um segurado que exerceu atividade profissional na condi\u00e7\u00e3o de trabalhador rural, pescador artesanal e \u00edndio que produzem em regime de economia familiar, sem utiliza\u00e7\u00e3o de m\u00e3o de obra assalariada permanente.<\/span><\/p><p dir=\"ltr\" style=\"line-height: 1.295; text-align: justify; margin-top: 0pt; margin-bottom: 8pt;\"><span style=\"font-family: Arial; color: #000000; background-color: transparent; font-weight: 400; font-style: normal; font-variant: normal; text-decoration: none; vertical-align: baseline; white-space: pre-wrap;\">A dura\u00e7\u00e3o varia de acordo com a idade e o tipo de benefici\u00e1rio, sendo certo que o ideal \u00e9 consultar advogado com especialidade na mat\u00e9ria previdenci\u00e1ria, a fim de que seja poss\u00edvel avaliar o direito \u00e0 percep\u00e7\u00e3o do benef\u00edcio, justamente porque a dura\u00e7\u00e3o do benef\u00edcio varia de acordo com a idade e o tipo de benefici\u00e1rio.<\/span><\/p><p dir=\"ltr\" style=\"line-height: 1.295; text-align: justify; margin-top: 0pt; margin-bottom: 8pt;\"><span style=\"font-family: Arial; color: #000000; background-color: transparent; font-weight: 400; font-style: normal; font-variant: normal; text-decoration: none; vertical-align: baseline; white-space: pre-wrap;\">De qualquer forma, h\u00e1 a necessidade de os dependentes formularem o requerimento administrativo perante o INSS o quanto antes e, caso negado, h\u00e1 a possibilidade de ingressar com a\u00e7\u00e3o judicial para que o direito seja reconhecido.<\/span><\/p><p dir=\"ltr\" style=\"line-height: 1.295; text-align: justify; margin-top: 0pt; margin-bottom: 8pt;\"><span style=\"font-family: Arial; color: #000000; background-color: transparent; font-weight: 400; font-style: normal; font-variant: normal; text-decoration: none; vertical-align: baseline; white-space: pre-wrap;\">Portanto, o ideal \u00e9 consultar previamente um advogado previdenci\u00e1rio para ter mais chances de ter o pedido deferido. <\/span><\/p>\t\t\t\t\t\t<\/div>\n\t\t\t\t<\/div>\n\t\t\t\t\t<\/div>\n\t\t<\/div>\n\t\t\t\t\t\t\t<\/div>\n\t\t<\/section>\n\t\t\t\t\t\t\t<\/div>\n\t\t","protected":false},"excerpt":{"rendered":"<p>Trata-se de benef\u00edcio previdenci\u00e1rio concedido aos dependentes do segurado que&hellip;<\/p>\n<p> <a class=\"more-link\" href=\"https:\/\/ruyeassociados.com.br\/?work=auxilio-reclusao\">Leia mais<\/a><\/p>\n","protected":false},"featured_media":12650,"comment_status":"closed","ping_status":"closed","template":"","_links":{"self":[{"href":"https:\/\/ruyeassociados.com.br\/index.php?rest_route=\/wp\/v2\/work\/12121"}],"collection":[{"href":"https:\/\/ruyeassociados.com.br\/index.php?rest_route=\/wp\/v2\/work"}],"about":[{"href":"https:\/\/ruyeassociados.com.br\/index.php?rest_route=\/wp\/v2\/types\/work"}],"replies":[{"embeddable":true,"href":"https:\/\/ruyeassociados.com.br\/index.php?rest_route=%2Fwp%2Fv2%2Fcomments&post=12121"}],"version-history":[{"count":38,"href":"https:\/\/ruyeassociados.com.br\/index.php?rest_route=\/wp\/v2\/work\/12121\/revisions"}],"predecessor-version":[{"id":12654,"href":"https:\/\/ruyeassociados.com.br\/index.php?rest_route=\/wp\/v2\/work\/12121\/revisions\/12654"}],"wp:featuredmedia":[{"embeddable":true,"href":"https:\/\/ruyeassociados.com.br\/index.php?rest_route=\/wp\/v2\/media\/12650"}],"wp:attachment":[{"href":"https:\/\/ruyeassociados.com.br\/index.php?rest_route=%2Fwp%2Fv2%2Fmedia&parent=12121"}],"curies":[{"name":"wp","href":"https:\/\/api.w.org\/{rel}","templated":true}]}}